{"id":18,"date":"2011-01-07T00:43:17","date_gmt":"2011-01-06T23:43:17","guid":{"rendered":"http:\/\/romanillos.org\/r\/?page_id=18"},"modified":"2013-06-06T12:48:21","modified_gmt":"2013-06-06T10:48:21","slug":"es-programaciones-y-publicaciones","status":"publish","type":"page","link":"http:\/\/romanillos.org\/?page_id=18","title":{"rendered":"Programaciones y Publicaciones"},"content":{"rendered":"<p>El Centro, adem\u00e1s, pondr\u00e1 en marcha <strong>programaciones anuales<\/strong> cuyos ejes fundamentales ser\u00e1n la organizaci\u00f3n y el desarrollo de las siguientes actividades:<\/p>\n<ul>\n<li>Ciclos de Conferencias, Cursos, Seminarios, Congresos y Foros de estudio sobre los or\u00edgenes, el desarrollo e importancia a lo largo de la historia de la vihuela de mano y su heredera la guitarra espa\u00f1ola.\n<div class=\"alignright size-medium wp-image-81\"><img decoding=\"async\" title=\"Jos\u00e9 Luis Romanillos, curso de Vihuela de Mano\" src=\"http:\/\/romanillos.org\/wp-content\/uploads\/2011\/01\/The_vihuela_Course._Museum_instruments._230-300x168.jpg\" alt=\"\" \/><br \/>\n<span style=\"font-size: x-small;\"><em><strong>Jos\u00e9 Luis Romanillos, curso de Vihuela de Mano<\/strong><\/em><\/span><\/div>\n<\/li>\n<li>Exposiciones temporales relacionadas con dichos instrumentos, organizadas y producidas tanto por el propio Centro, como por otras instituciones espa\u00f1olas y de otros pa\u00edses.<\/li>\n<li>Talleres de restauraci\u00f3n y construcci\u00f3n de replicas de instrumentos a trav\u00e9s de cursos pr\u00e1cticos.<\/li>\n<li>Conciertos y grabaciones de m\u00fasica con instrumentos antiguos.<\/li>\n<li>Edici\u00f3n de publicaciones sobre cualquier tema relacionado con la violer\u00eda.<\/li>\n<\/ul>\n<p>El Centro, en colaboraci\u00f3n con la Biblioteca de Investigadores de la Diputaci\u00f3n Provincial de Guadalajara, adem\u00e1s de ir creando una colecci\u00f3n bibliogr\u00e1fica sobre todos los aspectos relacionados con la violer\u00eda lo m\u00e1s completa posible, proceder\u00e1 a la completa catalogaci\u00f3n y digitalizaci\u00f3n de los Archivos de Santos Hern\u00e1ndez y del Archivo Romanillos-Harris, que se pondr\u00e1n paulatinamente a disposici\u00f3n de los investigadores e interesados en general.<\/p>\n<div class=\"alignright size-medium wp-image-81\"><img decoding=\"async\" title=\"Curso de Vihuela de Mano\" src=\"http:\/\/romanillos.org\/wp-content\/uploads\/2011\/01\/The_vihuela_Course._Museum_instruments._087-300x168.jpg\" alt=\"\" \/><br \/>\n<span style=\"font-size: x-small;\"><em><strong>Curso de Vihuela de Mano<\/strong><\/em><\/span><\/div>\n<p>El Centro est\u00e1 abierto a futuras incorporaciones de fondos documentales y colecciones de instrumentos relacionados con la violer\u00eda cuyos propietarios quieran donar, depositar o prestar temporalmente con el objeto de ser catalogados y digitalizados, expuestos o restaurados.<\/p>\n<p>&nbsp;<\/p>\n<p style=\"text-align: left;\">El Centro, que ha sido promovido por la Diputaci\u00f3n Provincial de Guadalajara con la colaboraci\u00f3n de la Consejer\u00eda de Cultura de la Junta de Comunidades de Castilla La Mancha, la Universidad de \u00c1lcala de Henares y el Ayuntamiento de Sig\u00fcenza, cuenta con la direcci\u00f3n del prestigioso violero espa\u00f1ol Jos\u00e9 Luis Romanillos Vega.<\/p>\n<div class=\"aligncenter size-medium wp-image-81\"><img loading=\"lazy\" decoding=\"async\" class=\"aligncenter\" title=\"Grupo de participantes en el Curso de Construcci\u00f3n de una Vihuela de Mano en 2010\" src=\"http:\/\/romanillos.org\/r\/wp-content\/uploads\/2011\/01\/The_vihuela_Course._Museum_instruments._234-300x168.jpg\" alt=\"\" width=\"300\" height=\"168\" \/><br \/>\n<span style=\"font-size: x-small;\"><em><strong>Participantes del Curso de Construcci\u00f3n de Vihuela de Mano<\/strong><\/em><\/span><\/div>\n","protected":false},"excerpt":{"rendered":"<p>El Centro, adem\u00e1s, pondr\u00e1 en marcha programaciones anuales cuyos ejes fundamentales ser\u00e1n la organizaci\u00f3n y el desarrollo de las siguientes actividades: Ciclos de Conferencias, Cursos, Seminarios, Congresos y Foros de estudio sobre los or\u00edgenes, el desarrollo e importancia a lo &hellip; <a href=\"http:\/\/romanillos.org\/?page_id=18\">Sigue leyendo <span class=\"meta-nav\">&rarr;<\/span><\/a><\/p>\n","protected":false},"author":1,"featured_media":0,"parent":0,"menu_order":5,"comment_status":"closed","ping_status":"open","template":"","meta":{"footnotes":""},"_links":{"self":[{"href":"http:\/\/romanillos.org\/index.php?rest_route=\/wp\/v2\/pages\/18"}],"collection":[{"href":"http:\/\/romanillos.org\/index.php?rest_route=\/wp\/v2\/pages"}],"about":[{"href":"http:\/\/romanillos.org\/index.php?rest_route=\/wp\/v2\/types\/page"}],"author":[{"embeddable":true,"href":"http:\/\/romanillos.org\/index.php?rest_route=\/wp\/v2\/users\/1"}],"replies":[{"embeddable":true,"href":"http:\/\/romanillos.org\/index.php?rest_route=%2Fwp%2Fv2%2Fcomments&post=18"}],"version-history":[{"count":25,"href":"http:\/\/romanillos.org\/index.php?rest_route=\/wp\/v2\/pages\/18\/revisions"}],"predecessor-version":[{"id":346,"href":"http:\/\/romanillos.org\/index.php?rest_route=\/wp\/v2\/pages\/18\/revisions\/346"}],"wp:attachment":[{"href":"http:\/\/romanillos.org\/index.php?rest_route=%2Fwp%2Fv2%2Fmedia&parent=18"}],"curies":[{"name":"wp","href":"https:\/\/api.w.org\/{rel}","templated":true}]}}