{"id":11,"date":"2011-01-07T00:39:37","date_gmt":"2011-01-06T23:39:37","guid":{"rendered":"http:\/\/romanillos.org\/r\/?page_id=11"},"modified":"2023-12-02T18:05:11","modified_gmt":"2023-12-02T16:05:11","slug":"es-jose-luis-romanillos","status":"publish","type":"page","link":"http:\/\/romanillos.org\/?page_id=11","title":{"rendered":"Jos\u00e9 Luis Romanillos"},"content":{"rendered":"\n<div class=\"alignright size-medium wp-image-81\"><img decoding=\"async\" title=\"Jos\u00e9 Luis Romanillos Vega\" src=\"http:\/\/romanillos.org\/wp-content\/uploads\/2011\/01\/centro_vihuela_david_utrilla049-300x200.jpg\" alt=\"\"\/><br \/>\n<span style=\"font-size: x-small;\"><em><strong>Jos\u00e9 Luis Romanillos Vega<\/strong><\/em><\/span><\/div>\n\n\n\n<p><em><strong>Jos\u00e9 Luis Romanillos Vega<\/strong><\/em> naci\u00f3 en Madrid en el a\u00f1o 1932. A los trece a\u00f1os entr\u00f3 a trabajar en una ebanister\u00eda madrile\u00f1a donde aprendi\u00f3 el oficio de ebanista. En el a\u00f1o 1956, se march\u00f3 a Inglaterra para aprender ingl\u00e9s. Cinco a\u00f1os despu\u00e9s construir\u00eda en Londres su primera guitarra espa\u00f1ola.<\/p>\n\n\n\n<p>En el 1970 se estableci\u00f3 como guitarrero en Semley, un pueblo al sur del condado de Wiltshire, en Inglaterra, con el apoyo del guitarrista ingl\u00e9s Julian Bream. Las guitarras Romanillos han recibido el reconocimiento de los guitarristas a nivel internacional tanto por la calidad de su sonido como por la est\u00e9tica de su construcci\u00f3n. Por la limpieza del sonido y la balanza arm\u00f3nica entre las cuerdas de sus guitarras, con el fin de obtener el sonido sutil que el considera \u201ct\u00edpico espa\u00f1ol\u201d est\u00e1 considerado, citando el Daily Mail, \u201cel Stradivari de la guitarra\u201d y \u201cel m\u00e1s importante violero viviente\u201d, como ha sido considerado por la revista italiana de guitarra Sei Corde.<\/p>\n\n\n\n<div class=\"alignleft size-medium wp-image-81\"><img decoding=\"async\" title=\"Jos\u00e9 Luis Romanillos Vega en su taller\" src=\"http:\/\/romanillos.org\/wp-content\/uploads\/2011\/01\/PICT2833_peq-300x224.jpg\" alt=\"\"\/><br \/>\n<span style=\"font-size: x-small;\"><em><strong>Jos\u00e9 Luis Romanillos Vega en su taller<\/strong><\/em><\/span><\/div>\n\n\n\n<p>Ha impartido cursos sobre la construcci\u00f3n de la guitara espa\u00f1ola en numerosos pa\u00edses, as\u00ed como conferencias y seminarios sobre la organolog\u00eda del instrumento. Tambi\u00e9n sobre la historia y el desarrollo de la vihuela de mano y de la guitarra espa\u00f1ola. En Inglaterra fue miembro del <em>Crafts Council of Great Britain<\/em> durante diez a\u00f1os.<\/p>\n\n\n\n<p>Desde el a\u00f1o 1995 reside en Guijosa, una pedan\u00eda de Sig\u00fcenza, en el norte de la provincia de Guadalajara. En el a\u00f1o 2002 en colaboraci\u00f3n con su esposa Marian, public\u00f3 en ingl\u00e9s un diccionario de violeros y guitarreros espa\u00f1oles titulado <em>The Vihuela de Mano and the Spanish Guitar. <\/em><\/p>\n\n\n\n<div class=\"alignleft size-medium wp-image-81\"><img decoding=\"async\" title=\"The Vihuela de Mano and the Spanish Guitar\" src=\"http:\/\/romanillos.org\/r\/wp-content\/uploads\/2011\/02\/the-Vihuela-de-Mano-and-the-Spanish-Guitar-204x300.jpg\" alt=\"\"\/><br \/>\n<span style=\"font-size: x-small;\"><em><strong>The Vihuela de Mano and the Spanish Guitar<\/strong><\/em><\/span><\/div>\n\n\n\n<div class=\"alignright size-medium wp-image-81\"><img decoding=\"async\" title=\"Antonio de Torres\" src=\"http:\/\/romanillos.org\/r\/wp-content\/uploads\/2011\/02\/Antonio-de-Torres-232x300.jpg\" alt=\"\"\/><br \/>\n<span style=\"font-size: x-small;\"><strong><em>Antonio de Torres<\/em><\/strong><\/span><\/div>\n\n\n<div class=\"wp-block-image\">\n<figure class=\"aligncenter\"><a href=\"http:\/\/romanillos.org\/wp-content\/uploads\/2011\/01\/Making-a-Spanish-Guitar300x223.jpg\"><img loading=\"lazy\" decoding=\"async\" width=\"223\" height=\"300\" src=\"http:\/\/romanillos.org\/wp-content\/uploads\/2011\/01\/Making-a-Spanish-Guitar300x223.jpg\" alt=\"Making a Spanish Guitar\" class=\"wp-image-430\"\/><\/a><\/figure><\/div>","protected":false},"excerpt":{"rendered":"<p>Jos\u00e9 Luis Romanillos Vega Jos\u00e9 Luis Romanillos Vega naci\u00f3 en Madrid en el a\u00f1o 1932. A los trece a\u00f1os entr\u00f3 a trabajar en una ebanister\u00eda madrile\u00f1a donde aprendi\u00f3 el oficio de ebanista. En el a\u00f1o 1956, se march\u00f3 a Inglaterra &hellip; <a href=\"http:\/\/romanillos.org\/?page_id=11\">Sigue leyendo <span class=\"meta-nav\">&rarr;<\/span><\/a><\/p>\n","protected":false},"author":1,"featured_media":0,"parent":0,"menu_order":2,"comment_status":"closed","ping_status":"open","template":"","meta":{"footnotes":""},"_links":{"self":[{"href":"http:\/\/romanillos.org\/index.php?rest_route=\/wp\/v2\/pages\/11"}],"collection":[{"href":"http:\/\/romanillos.org\/index.php?rest_route=\/wp\/v2\/pages"}],"about":[{"href":"http:\/\/romanillos.org\/index.php?rest_route=\/wp\/v2\/types\/page"}],"author":[{"embeddable":true,"href":"http:\/\/romanillos.org\/index.php?rest_route=\/wp\/v2\/users\/1"}],"replies":[{"embeddable":true,"href":"http:\/\/romanillos.org\/index.php?rest_route=%2Fwp%2Fv2%2Fcomments&post=11"}],"version-history":[{"count":42,"href":"http:\/\/romanillos.org\/index.php?rest_route=\/wp\/v2\/pages\/11\/revisions"}],"predecessor-version":[{"id":532,"href":"http:\/\/romanillos.org\/index.php?rest_route=\/wp\/v2\/pages\/11\/revisions\/532"}],"wp:attachment":[{"href":"http:\/\/romanillos.org\/index.php?rest_route=%2Fwp%2Fv2%2Fmedia&parent=11"}],"curies":[{"name":"wp","href":"https:\/\/api.w.org\/{rel}","templated":true}]}}